{"version":"1.0","provider_name":"Eltern Ratgeber News","provider_url":"https:\/\/www.eltern-forum.at\/ratgeber-news","title":"Herbstferien 2026 in \u00d6sterreich","type":"rich","width":600,"height":338,"html":"<blockquote class=\"wp-embedded-content\" data-secret=\"9vlNTZU1NF\"><a href=\"https:\/\/www.eltern-forum.at\/ratgeber-news\/herbstferien-in-oesterreich\/\">Herbstferien 2026 in \u00d6sterreich<\/a><\/blockquote><iframe sandbox=\"allow-scripts\" security=\"restricted\" src=\"https:\/\/www.eltern-forum.at\/ratgeber-news\/herbstferien-in-oesterreich\/embed\/#?secret=9vlNTZU1NF\" width=\"600\" height=\"338\" title=\"&#8222;Herbstferien 2026 in \u00d6sterreich&#8220; &#8211; Eltern Ratgeber News\" data-secret=\"9vlNTZU1NF\" frameborder=\"0\" marginwidth=\"0\" marginheight=\"0\" scrolling=\"no\" class=\"wp-embedded-content\"><\/iframe><script>\n\/*! This file is auto-generated *\/\n!function(d,l){\"use strict\";l.querySelector&&d.addEventListener&&\"undefined\"!=typeof URL&&(d.wp=d.wp||{},d.wp.receiveEmbedMessage||(d.wp.receiveEmbedMessage=function(e){var t=e.data;if((t||t.secret||t.message||t.value)&&!\/[^a-zA-Z0-9]\/.test(t.secret)){for(var s,r,n,a=l.querySelectorAll('iframe[data-secret=\"'+t.secret+'\"]'),o=l.querySelectorAll('blockquote[data-secret=\"'+t.secret+'\"]'),c=new RegExp(\"^https?:$\",\"i\"),i=0;i<o.length;i++)o[i].style.display=\"none\";for(i=0;i<a.length;i++)s=a[i],e.source===s.contentWindow&&(s.removeAttribute(\"style\"),\"height\"===t.message?(1e3<(r=parseInt(t.value,10))?r=1e3:~~r<200&&(r=200),s.height=r):\"link\"===t.message&&(r=new URL(s.getAttribute(\"src\")),n=new URL(t.value),c.test(n.protocol))&&n.host===r.host&&l.activeElement===s&&(d.top.location.href=t.value))}},d.addEventListener(\"message\",d.wp.receiveEmbedMessage,!1),l.addEventListener(\"DOMContentLoaded\",function(){for(var e,t,s=l.querySelectorAll(\"iframe.wp-embedded-content\"),r=0;r<s.length;r++)(t=(e=s[r]).getAttribute(\"data-secret\"))||(t=Math.random().toString(36).substring(2,12),e.src+=\"#?secret=\"+t,e.setAttribute(\"data-secret\",t)),e.contentWindow.postMessage({message:\"ready\",secret:t},\"*\")},!1)))}(window,document);\n\/\/# sourceURL=https:\/\/www.eltern-forum.at\/ratgeber-news\/wp-includes\/js\/wp-embed.min.js\n<\/script>\n","thumbnail_url":"https:\/\/www.eltern-forum.at\/ratgeber-news\/wp-content\/uploads\/2017\/12\/herbsferien.jpg","thumbnail_width":750,"thumbnail_height":386,"description":"Eine Erleichterung f\u00fcr Eltern sollen sie bringen &#8211; die Herbstferien sollen in \u00d6sterreich eingef\u00fchrt werden. Eltern, welche Kinder in verschiedenen Schulen oder Kinderg\u00e4rten untergebracht hatten, hatten bisher das Problem, dass die Schulen die autonomen Tage nicht einheitlich festgesetzt hatten. So kam es bisher teilweise zu einem Betreuungsproblem. Wann sind Herbstferien in \u00d6sterreich? Die Tage zwischen..."}